{"id":167,"date":"2020-12-22T15:32:19","date_gmt":"2020-12-22T15:32:19","guid":{"rendered":"https:\/\/www.jaimejpalacio.com\/?page_id=167"},"modified":"2022-04-04T19:20:29","modified_gmt":"2022-04-04T19:20:29","slug":"guardianes-de-la-fe-verdadera","status":"publish","type":"page","link":"https:\/\/www.jaimejpalacio.com\/index.php\/guardianes-de-la-fe-verdadera\/","title":{"rendered":"GUARDIANES DE LA FE VERDADERA"},"content":{"rendered":"\n<p class=\"has-text-align-center has-black-color has-text-color\" style=\"font-size:25px\"><strong>La Santa Inquisici\u00f3n ha vuelto<\/strong><\/p>\n\n\n\n<div class=\"wp-block-buttons is-horizontal is-content-justification-left is-layout-flex wp-container-core-buttons-is-layout-7e5fce0a wp-block-buttons-is-layout-flex\"><\/div>\n\n\n\n<div class=\"wp-block-media-text alignwide is-stacked-on-mobile\"><figure class=\"wp-block-media-text__media\"><img loading=\"lazy\" decoding=\"async\" width=\"1024\" height=\"718\" src=\"https:\/\/www.jaimejpalacio.com\/wp-content\/uploads\/2021\/07\/Combinado-1-1024x718.jpg\" alt=\"\" class=\"wp-image-363 size-full\" srcset=\"https:\/\/www.jaimejpalacio.com\/wp-content\/uploads\/2021\/07\/Combinado-1-1024x718.jpg 1024w, https:\/\/www.jaimejpalacio.com\/wp-content\/uploads\/2021\/07\/Combinado-1-300x210.jpg 300w, https:\/\/www.jaimejpalacio.com\/wp-content\/uploads\/2021\/07\/Combinado-1-768x539.jpg 768w, https:\/\/www.jaimejpalacio.com\/wp-content\/uploads\/2021\/07\/Combinado-1-1536x1077.jpg 1536w, https:\/\/www.jaimejpalacio.com\/wp-content\/uploads\/2021\/07\/Combinado-1.jpg 1640w\" sizes=\"auto, (max-width: 1024px) 100vw, 1024px\" \/><\/figure><div class=\"wp-block-media-text__content\">\n<p class=\"has-text-color\" style=\"color:#18283d;font-size:25px\"><strong>Disponible en Amazon<\/strong><\/p>\n\n\n\n<div class=\"wp-block-buttons is-layout-flex wp-block-buttons-is-layout-flex\">\n<div class=\"wp-block-button is-style-fill\"><a class=\"wp-block-button__link has-white-color has-vivid-cyan-blue-background-color has-text-color has-background\" href=\"http:\/\/mybook.to\/guardianesebook\" target=\"_blank\" rel=\"noreferrer noopener\"><strong>Ebook<\/strong><\/a><\/div>\n\n\n\n<div class=\"wp-block-button is-style-fill\"><a class=\"wp-block-button__link has-white-color has-vivid-cyan-blue-background-color has-text-color has-background\" href=\"http:\/\/mybook.to\/guardianestb\" target=\"_blank\" rel=\"noreferrer noopener\"><strong>Tapa Blanda<\/strong><\/a><\/div>\n<\/div>\n<\/div><\/div>\n\n\n\n<div style=\"height:27px\" aria-hidden=\"true\" class=\"wp-block-spacer\"><\/div>\n\n\n\n<blockquote class=\"wp-block-quote is-style-large is-layout-flow wp-block-quote-is-layout-flow\"><p>Hay escenarios que con solo imaginarlos consiguen estremecernos.<\/p><cite>El Placer de la Lectura &#8211; <a href=\"https:\/\/elplacerdelalectura.com\/2021\/02\/guardianes-de-la-fe-verdadera-de-jaime-j-palacio.html\" target=\"_blank\" rel=\"noreferrer noopener nofollow\">https:\/\/elplacerdelalectura.com\/2021\/02\/guardianes-de-la-fe-verdadera-de-jaime-j-palacio.html<\/a><\/cite><\/blockquote>\n\n\n\n<blockquote class=\"wp-block-quote is-style-large is-layout-flow wp-block-quote-is-layout-flow\"><p>Una lectura que me deja sentimientos encontrados.<\/p><cite>Humilde lector &#8211; <a href=\"https:\/\/humildelector.com\/2021\/03\/11\/guardianes-de-la-fe-verdadera-jaime-j-palacio\/\" target=\"_blank\" rel=\"noreferrer noopener nofollow\">https:\/\/humildelector.com\/2021\/03\/11\/guardianes-de-la-fe-verdadera-jaime-j-palacio\/<\/a><\/cite><\/blockquote>\n\n\n\n<blockquote class=\"wp-block-quote is-style-large is-layout-flow wp-block-quote-is-layout-flow\"><p>Es un libro que tiene bastante suspenso e intriga, pero que tiene sus momentos c\u00f3micos que ayudan a que la lectura fluya con un ritmo bastante r\u00e1pido.<\/p><cite>Cr\u00f3nicas de la lectora err\u00e1tica &#8211; <a href=\"https:\/\/www.lalectoraerratica.com\/2021\/03\/guardianes-de-la-fe-verdadera-jaime-j.html\" target=\"_blank\" rel=\"noreferrer noopener nofollow\">https:\/\/www.lalectoraerratica.com\/2021\/03\/guardianes-de-la-fe-verdadera-jaime-j.html<\/a><\/cite><\/blockquote>\n\n\n\n<blockquote class=\"wp-block-quote is-style-large is-layout-flow wp-block-quote-is-layout-flow\"><p>En la narraci\u00f3n encontr\u00e9 mucha acci\u00f3n, escasas descripciones y abundancia de di\u00e1logos. As\u00ed la novela es r\u00e1pida, en\u00e9rgica y entretenida.<\/p><cite>Carmen en su tinta &#8211; <a href=\"https:\/\/carmenensutinta.blogspot.com\/2021\/03\/resena-guardianes-de-la-fe-verdadera-de.html\" target=\"_blank\" rel=\"noreferrer noopener nofollow\">https:\/\/carmenensutinta.blogspot.com\/2021\/03\/resena-guardianes-de-la-fe-verdadera-de.html<\/a><\/cite><\/blockquote>\n\n\n\n<div style=\"height:40px\" aria-hidden=\"true\" class=\"wp-block-spacer\"><\/div>\n\n\n\n<p class=\"has-text-align-center has-black-color has-text-color has-large-font-size\"><strong>SINOPSIS<\/strong><\/p>\n\n\n\n<p class=\"has-text-align-center\" style=\"font-size:22px\">\u00bfSe imagina c\u00f3mo ser\u00eda la Espa\u00f1a de finales del siglo XXI si volviera la <strong>Santa Inquisici\u00f3n<\/strong>?<\/p>\n\n\n\n<p class=\"has-text-align-justify\" style=\"font-size:22px\">Corre el a\u00f1o 2080. La Uni\u00f3n Europea ha dejado de existir, y <strong>una ola de integrismo religioso<\/strong> se extiende por el Viejo Continente.<\/p>\n\n\n\n<p class=\"has-text-align-justify\" style=\"font-size:22px\">En todos los pa\u00edses surgen guardianes de la fe y, en Espa\u00f1a, <strong>se reinstaura la temible Inquisici\u00f3n cat\u00f3lica.<\/strong><\/p>\n\n\n\n<p class=\"has-text-align-justify\" style=\"font-size:22px\">En este escenario dist\u00f3pico, cientos de agentes del Ministerio de la Santa Inquisici\u00f3n se encargan de <strong>mantener el orden y la moral<\/strong> bajo su propio criterio.<\/p>\n\n\n\n<p class=\"has-text-align-justify\" style=\"font-size:22px\">Se extiende<strong> la caza del infiel y la persecuci\u00f3n de los herejes.<\/strong> Regresa la pena de muerte y de tortura. La poblaci\u00f3n paga impuestos desmedidos y quienes no cumplen con el C\u00f3digo de Conducta Decente sufren terribles represalias.<\/p>\n\n\n\n<p class=\"has-text-align-justify\" style=\"font-size:22px\">As\u00ed es la vida para los ciudadanos del Reino Teocr\u00e1tico de Espa\u00f1a: una existencia bajo el supremacismo religioso de una instituci\u00f3n <strong>tir\u00e1nica y corrupta<\/strong> dentro de un pa\u00eds supuestamente democr\u00e1tico.<\/p>\n\n\n\n<p class=\"has-text-align-justify\" style=\"font-size:22px\">Pero un d\u00eda, algo se convierte en <strong>la semilla de la revoluci\u00f3n<\/strong>. Un agente inquisidor que empieza a cuestionarse el orden vigente y una rebelde contraria al sistema unir\u00e1n sus fuerzas para derrocar al todopoderoso Ministerio de la Santa Inquisici\u00f3n.<\/p>\n\n\n\n<p class=\"has-text-align-justify\" style=\"font-size:22px\">Pacifismo frente a violencia extrema. Raz\u00f3n frente a barbarie. Compasi\u00f3n frente a juicio. \u00bfLograr\u00e1n los rebeldes <strong>recuperar un mundo m\u00e1s justo<\/strong>? \u00bfPodr\u00e1n herir de muerte a la todopoderosa Inquisici\u00f3n?<\/p>\n\n\n\n<p class=\"has-text-align-center\" style=\"font-size:22px\"><strong>\u00bfSe abrir\u00e1 por fin una nueva era?<\/strong><\/p>\n\n\n\n<p class=\"has-text-align-justify\" style=\"font-size:22px\">Jaime J. Palacio (Espa\u00f1a, 1985) es tambi\u00e9n autor de <em>De \u00c1ngel a Demonio<\/em>, un brillante <em>thriller<\/em> psicol\u00f3gico sobre el poder de la venganza y la atracci\u00f3n por la oscuridad. Con su segunda novela, esta vez escrita con un tono m\u00e1s desenfadado y ameno que la anterior, se convierte en <strong>una referencia en el g\u00e9nero y una lectura obligada<\/strong> para los amantes de la intriga, el suspense y la acci\u00f3n.<\/p>\n\n\n\n<p class=\"has-text-align-center\" style=\"font-size:22px\">\u201c<em><strong>Siento que debo llevar al mundo este mensaje de libertad. Voy a prepararme para esa misi\u00f3n.<br>\u00bfVendr\u00e1s conmigo?<\/strong><\/em><strong>\u201d.<\/strong><\/p>\n\n\n\n<div style=\"height:50px\" aria-hidden=\"true\" class=\"wp-block-spacer\"><\/div>\n\n\n\n<p class=\"has-text-align-center has-black-color has-text-color\" style=\"font-size:30px\"><strong>BOOKTR\u00c1ILER<\/strong><\/p>\n\n\n\n<figure class=\"wp-block-embed is-type-video is-provider-youtube wp-block-embed-youtube wp-embed-aspect-16-9 wp-has-aspect-ratio\"><div class=\"wp-block-embed__wrapper\">\n<iframe loading=\"lazy\" title=\"Booktr\u00e1iler Guardianes de la Fe Verdadera (thriller dist\u00f3pico)\" width=\"1140\" height=\"641\" src=\"https:\/\/www.youtube.com\/embed\/vRfPQpZGxxg?feature=oembed\" frameborder=\"0\" allow=\"accelerometer; autoplay; clipboard-write; encrypted-media; gyroscope; picture-in-picture; web-share\" allowfullscreen><\/iframe>\n<\/div><\/figure>\n\n\n\n<div style=\"height:50px\" aria-hidden=\"true\" class=\"wp-block-spacer\"><\/div>\n\n\n\n<p class=\"has-text-align-center has-black-color has-text-color\" style=\"font-size:30px\"><strong>VISTA PREVIA<\/strong><\/p>\n\n\n\n<figure class=\"wp-block-embed is-type-rich is-provider-amazon wp-block-embed-amazon\"><div class=\"wp-block-embed__wrapper\">\n<iframe loading=\"lazy\" title=\"GUARDIANES DE LA FE VERDADERA\" type=\"text\/html\" width=\"1140\" height=\"550\" frameborder=\"0\" allowfullscreen style=\"max-width:100%\" src=\"https:\/\/leer.amazon.es\/kp\/card?preview=inline&#038;linkCode=kpe&#038;ref_=k4w_oembed_RWCSPruDYIjpUH&#038;asin=B09X6FBGMD&#038;tag=kpembed-20\"><\/iframe>\n<\/div><\/figure>\n\n\n\n<div style=\"height:50px\" aria-hidden=\"true\" class=\"wp-block-spacer\"><\/div>\n\n\n\n<div class=\"wp-block-media-text alignwide is-stacked-on-mobile\"><figure class=\"wp-block-media-text__media\"><img loading=\"lazy\" decoding=\"async\" width=\"1024\" height=\"718\" src=\"https:\/\/www.jaimejpalacio.com\/wp-content\/uploads\/2021\/07\/Combinado-1-1024x718.jpg\" alt=\"\" class=\"wp-image-363 size-full\" srcset=\"https:\/\/www.jaimejpalacio.com\/wp-content\/uploads\/2021\/07\/Combinado-1-1024x718.jpg 1024w, https:\/\/www.jaimejpalacio.com\/wp-content\/uploads\/2021\/07\/Combinado-1-300x210.jpg 300w, https:\/\/www.jaimejpalacio.com\/wp-content\/uploads\/2021\/07\/Combinado-1-768x539.jpg 768w, https:\/\/www.jaimejpalacio.com\/wp-content\/uploads\/2021\/07\/Combinado-1-1536x1077.jpg 1536w, https:\/\/www.jaimejpalacio.com\/wp-content\/uploads\/2021\/07\/Combinado-1.jpg 1640w\" sizes=\"auto, (max-width: 1024px) 100vw, 1024px\" \/><\/figure><div class=\"wp-block-media-text__content\">\n<p class=\"has-text-color\" style=\"color:#18283d;font-size:25px\"><strong>DISPONIBLE EN AMAZON<\/strong><\/p>\n\n\n\n<div class=\"wp-block-buttons is-layout-flex wp-block-buttons-is-layout-flex\">\n<div class=\"wp-block-button is-style-fill\"><a class=\"wp-block-button__link has-white-color has-vivid-cyan-blue-background-color has-text-color has-background\" href=\"http:\/\/mybook.to\/guardianesebook\" target=\"_blank\" rel=\"noreferrer noopener\"><strong>Ebook<\/strong><\/a><\/div>\n\n\n\n<div class=\"wp-block-button is-style-fill\"><a class=\"wp-block-button__link has-white-color has-vivid-cyan-blue-background-color has-text-color has-background\" href=\"http:\/\/mybook.to\/guardianestb\" target=\"_blank\" rel=\"noreferrer noopener\"><strong>Tapa Blanda<\/strong><\/a><\/div>\n<\/div>\n<\/div><\/div>\n","protected":false},"excerpt":{"rendered":"<p>La Santa Inquisici\u00f3n ha vuelto Hay escenarios que con solo imaginarlos consiguen estremecernos. El Placer de la Lectura &#8211; https:\/\/elplacerdelalectura.com\/2021\/02\/guardianes-de-la-fe-verdadera-de-jaime-j-palacio.html Una lectura que me deja sentimientos encontrados. Humilde lector &#8211; https:\/\/humildelector.com\/2021\/03\/11\/guardianes-de-la-fe-verdadera-jaime-j-palacio\/ Es un libro que tiene bastante suspenso e intriga, pero que tiene sus momentos c\u00f3micos que ayudan a que la lectura fluya con un [&hellip;]<\/p>\n","protected":false},"author":1,"featured_media":0,"parent":0,"menu_order":0,"comment_status":"closed","ping_status":"closed","template":"page-templates\/full-width.php","meta":{"footnotes":""},"class_list":["post-167","page","type-page","status-publish","hentry"],"yoast_head":"<!-- This site is optimized with the Yoast SEO plugin v26.6 - https:\/\/yoast.com\/wordpress\/plugins\/seo\/ -->\n<title>GUARDIANES DE LA FE VERDADERA - Jaime J. Palacio<\/title>\n<meta name=\"description\" content=\"\u00bfSe imagina c\u00f3mo ser\u00eda la Espa\u00f1a de finales del siglo XXI si volviera la Santa Inquisici\u00f3n?Corre el a\u00f1o 2080. La Uni\u00f3n Europea ha dejado de existir, y una ola de integrismo religioso se extiende por el Viejo Continente.En todos los pa\u00edses surgen guardianes de la fe y, en Espa\u00f1a, se reinstaura la temible Inquisici\u00f3n cat\u00f3lica.\" \/>\n<meta name=\"robots\" content=\"index, follow, max-snippet:-1, max-image-preview:large, max-video-preview:-1\" \/>\n<link rel=\"canonical\" href=\"https:\/\/www.jaimejpalacio.com\/index.php\/guardianes-de-la-fe-verdadera\/\" \/>\n<meta property=\"og:locale\" content=\"es_ES\" \/>\n<meta property=\"og:type\" content=\"article\" \/>\n<meta property=\"og:title\" content=\"GUARDIANES DE LA FE VERDADERA - Jaime J. Palacio\" \/>\n<meta property=\"og:description\" content=\"\u00bfSe imagina c\u00f3mo ser\u00eda la Espa\u00f1a de finales del siglo XXI si volviera la Santa Inquisici\u00f3n?Corre el a\u00f1o 2080. La Uni\u00f3n Europea ha dejado de existir, y una ola de integrismo religioso se extiende por el Viejo Continente.En todos los pa\u00edses surgen guardianes de la fe y, en Espa\u00f1a, se reinstaura la temible Inquisici\u00f3n cat\u00f3lica.\" \/>\n<meta property=\"og:url\" content=\"https:\/\/www.jaimejpalacio.com\/index.php\/guardianes-de-la-fe-verdadera\/\" \/>\n<meta property=\"og:site_name\" content=\"Jaime J. Palacio\" \/>\n<meta property=\"article:modified_time\" content=\"2022-04-04T19:20:29+00:00\" \/>\n<meta property=\"og:image\" content=\"https:\/\/www.jaimejpalacio.com\/wp-content\/uploads\/2021\/07\/Combinado-1-1024x718.jpg\" \/>\n<meta name=\"twitter:card\" content=\"summary_large_image\" \/>\n<meta name=\"twitter:label1\" content=\"Tiempo de lectura\" \/>\n\t<meta name=\"twitter:data1\" content=\"3 minutos\" \/>\n<script type=\"application\/ld+json\" class=\"yoast-schema-graph\">{\"@context\":\"https:\/\/schema.org\",\"@graph\":[{\"@type\":\"WebPage\",\"@id\":\"https:\/\/www.jaimejpalacio.com\/index.php\/guardianes-de-la-fe-verdadera\/\",\"url\":\"https:\/\/www.jaimejpalacio.com\/index.php\/guardianes-de-la-fe-verdadera\/\",\"name\":\"GUARDIANES DE LA FE VERDADERA - Jaime J. Palacio\",\"isPartOf\":{\"@id\":\"https:\/\/www.jaimejpalacio.com\/#website\"},\"primaryImageOfPage\":{\"@id\":\"https:\/\/www.jaimejpalacio.com\/index.php\/guardianes-de-la-fe-verdadera\/#primaryimage\"},\"image\":{\"@id\":\"https:\/\/www.jaimejpalacio.com\/index.php\/guardianes-de-la-fe-verdadera\/#primaryimage\"},\"thumbnailUrl\":\"https:\/\/www.jaimejpalacio.com\/wp-content\/uploads\/2021\/07\/Combinado-1-1024x718.jpg\",\"datePublished\":\"2020-12-22T15:32:19+00:00\",\"dateModified\":\"2022-04-04T19:20:29+00:00\",\"description\":\"\u00bfSe imagina c\u00f3mo ser\u00eda la Espa\u00f1a de finales del siglo XXI si volviera la Santa Inquisici\u00f3n?Corre el a\u00f1o 2080. La Uni\u00f3n Europea ha dejado de existir, y una ola de integrismo religioso se extiende por el Viejo Continente.En todos los pa\u00edses surgen guardianes de la fe y, en Espa\u00f1a, se reinstaura la temible Inquisici\u00f3n cat\u00f3lica.\",\"breadcrumb\":{\"@id\":\"https:\/\/www.jaimejpalacio.com\/index.php\/guardianes-de-la-fe-verdadera\/#breadcrumb\"},\"inLanguage\":\"es\",\"potentialAction\":[{\"@type\":\"ReadAction\",\"target\":[\"https:\/\/www.jaimejpalacio.com\/index.php\/guardianes-de-la-fe-verdadera\/\"]}]},{\"@type\":\"ImageObject\",\"inLanguage\":\"es\",\"@id\":\"https:\/\/www.jaimejpalacio.com\/index.php\/guardianes-de-la-fe-verdadera\/#primaryimage\",\"url\":\"https:\/\/www.jaimejpalacio.com\/wp-content\/uploads\/2021\/07\/Combinado-1.jpg\",\"contentUrl\":\"https:\/\/www.jaimejpalacio.com\/wp-content\/uploads\/2021\/07\/Combinado-1.jpg\",\"width\":1640,\"height\":1150},{\"@type\":\"BreadcrumbList\",\"@id\":\"https:\/\/www.jaimejpalacio.com\/index.php\/guardianes-de-la-fe-verdadera\/#breadcrumb\",\"itemListElement\":[{\"@type\":\"ListItem\",\"position\":1,\"name\":\"Portada\",\"item\":\"https:\/\/www.jaimejpalacio.com\/\"},{\"@type\":\"ListItem\",\"position\":2,\"name\":\"GUARDIANES DE LA FE VERDADERA\"}]},{\"@type\":\"WebSite\",\"@id\":\"https:\/\/www.jaimejpalacio.com\/#website\",\"url\":\"https:\/\/www.jaimejpalacio.com\/\",\"name\":\"Jaime J. Palacio\",\"description\":\"Escritor\",\"potentialAction\":[{\"@type\":\"SearchAction\",\"target\":{\"@type\":\"EntryPoint\",\"urlTemplate\":\"https:\/\/www.jaimejpalacio.com\/?s={search_term_string}\"},\"query-input\":{\"@type\":\"PropertyValueSpecification\",\"valueRequired\":true,\"valueName\":\"search_term_string\"}}],\"inLanguage\":\"es\"}]}<\/script>\n<!-- \/ Yoast SEO plugin. -->","yoast_head_json":{"title":"GUARDIANES DE LA FE VERDADERA - Jaime J. Palacio","description":"\u00bfSe imagina c\u00f3mo ser\u00eda la Espa\u00f1a de finales del siglo XXI si volviera la Santa Inquisici\u00f3n?Corre el a\u00f1o 2080. La Uni\u00f3n Europea ha dejado de existir, y una ola de integrismo religioso se extiende por el Viejo Continente.En todos los pa\u00edses surgen guardianes de la fe y, en Espa\u00f1a, se reinstaura la temible Inquisici\u00f3n cat\u00f3lica.","robots":{"index":"index","follow":"follow","max-snippet":"max-snippet:-1","max-image-preview":"max-image-preview:large","max-video-preview":"max-video-preview:-1"},"canonical":"https:\/\/www.jaimejpalacio.com\/index.php\/guardianes-de-la-fe-verdadera\/","og_locale":"es_ES","og_type":"article","og_title":"GUARDIANES DE LA FE VERDADERA - Jaime J. Palacio","og_description":"\u00bfSe imagina c\u00f3mo ser\u00eda la Espa\u00f1a de finales del siglo XXI si volviera la Santa Inquisici\u00f3n?Corre el a\u00f1o 2080. La Uni\u00f3n Europea ha dejado de existir, y una ola de integrismo religioso se extiende por el Viejo Continente.En todos los pa\u00edses surgen guardianes de la fe y, en Espa\u00f1a, se reinstaura la temible Inquisici\u00f3n cat\u00f3lica.","og_url":"https:\/\/www.jaimejpalacio.com\/index.php\/guardianes-de-la-fe-verdadera\/","og_site_name":"Jaime J. Palacio","article_modified_time":"2022-04-04T19:20:29+00:00","og_image":[{"url":"https:\/\/www.jaimejpalacio.com\/wp-content\/uploads\/2021\/07\/Combinado-1-1024x718.jpg","type":"","width":"","height":""}],"twitter_card":"summary_large_image","twitter_misc":{"Tiempo de lectura":"3 minutos"},"schema":{"@context":"https:\/\/schema.org","@graph":[{"@type":"WebPage","@id":"https:\/\/www.jaimejpalacio.com\/index.php\/guardianes-de-la-fe-verdadera\/","url":"https:\/\/www.jaimejpalacio.com\/index.php\/guardianes-de-la-fe-verdadera\/","name":"GUARDIANES DE LA FE VERDADERA - Jaime J. Palacio","isPartOf":{"@id":"https:\/\/www.jaimejpalacio.com\/#website"},"primaryImageOfPage":{"@id":"https:\/\/www.jaimejpalacio.com\/index.php\/guardianes-de-la-fe-verdadera\/#primaryimage"},"image":{"@id":"https:\/\/www.jaimejpalacio.com\/index.php\/guardianes-de-la-fe-verdadera\/#primaryimage"},"thumbnailUrl":"https:\/\/www.jaimejpalacio.com\/wp-content\/uploads\/2021\/07\/Combinado-1-1024x718.jpg","datePublished":"2020-12-22T15:32:19+00:00","dateModified":"2022-04-04T19:20:29+00:00","description":"\u00bfSe imagina c\u00f3mo ser\u00eda la Espa\u00f1a de finales del siglo XXI si volviera la Santa Inquisici\u00f3n?Corre el a\u00f1o 2080. La Uni\u00f3n Europea ha dejado de existir, y una ola de integrismo religioso se extiende por el Viejo Continente.En todos los pa\u00edses surgen guardianes de la fe y, en Espa\u00f1a, se reinstaura la temible Inquisici\u00f3n cat\u00f3lica.","breadcrumb":{"@id":"https:\/\/www.jaimejpalacio.com\/index.php\/guardianes-de-la-fe-verdadera\/#breadcrumb"},"inLanguage":"es","potentialAction":[{"@type":"ReadAction","target":["https:\/\/www.jaimejpalacio.com\/index.php\/guardianes-de-la-fe-verdadera\/"]}]},{"@type":"ImageObject","inLanguage":"es","@id":"https:\/\/www.jaimejpalacio.com\/index.php\/guardianes-de-la-fe-verdadera\/#primaryimage","url":"https:\/\/www.jaimejpalacio.com\/wp-content\/uploads\/2021\/07\/Combinado-1.jpg","contentUrl":"https:\/\/www.jaimejpalacio.com\/wp-content\/uploads\/2021\/07\/Combinado-1.jpg","width":1640,"height":1150},{"@type":"BreadcrumbList","@id":"https:\/\/www.jaimejpalacio.com\/index.php\/guardianes-de-la-fe-verdadera\/#breadcrumb","itemListElement":[{"@type":"ListItem","position":1,"name":"Portada","item":"https:\/\/www.jaimejpalacio.com\/"},{"@type":"ListItem","position":2,"name":"GUARDIANES DE LA FE VERDADERA"}]},{"@type":"WebSite","@id":"https:\/\/www.jaimejpalacio.com\/#website","url":"https:\/\/www.jaimejpalacio.com\/","name":"Jaime J. Palacio","description":"Escritor","potentialAction":[{"@type":"SearchAction","target":{"@type":"EntryPoint","urlTemplate":"https:\/\/www.jaimejpalacio.com\/?s={search_term_string}"},"query-input":{"@type":"PropertyValueSpecification","valueRequired":true,"valueName":"search_term_string"}}],"inLanguage":"es"}]}},"_links":{"self":[{"href":"https:\/\/www.jaimejpalacio.com\/index.php\/wp-json\/wp\/v2\/pages\/167","targetHints":{"allow":["GET"]}}],"collection":[{"href":"https:\/\/www.jaimejpalacio.com\/index.php\/wp-json\/wp\/v2\/pages"}],"about":[{"href":"https:\/\/www.jaimejpalacio.com\/index.php\/wp-json\/wp\/v2\/types\/page"}],"author":[{"embeddable":true,"href":"https:\/\/www.jaimejpalacio.com\/index.php\/wp-json\/wp\/v2\/users\/1"}],"replies":[{"embeddable":true,"href":"https:\/\/www.jaimejpalacio.com\/index.php\/wp-json\/wp\/v2\/comments?post=167"}],"version-history":[{"count":86,"href":"https:\/\/www.jaimejpalacio.com\/index.php\/wp-json\/wp\/v2\/pages\/167\/revisions"}],"predecessor-version":[{"id":606,"href":"https:\/\/www.jaimejpalacio.com\/index.php\/wp-json\/wp\/v2\/pages\/167\/revisions\/606"}],"wp:attachment":[{"href":"https:\/\/www.jaimejpalacio.com\/index.php\/wp-json\/wp\/v2\/media?parent=167"}],"curies":[{"name":"wp","href":"https:\/\/api.w.org\/{rel}","templated":true}]}}