{"id":552,"date":"2022-01-22T16:41:07","date_gmt":"2022-01-22T16:41:07","guid":{"rendered":"https:\/\/www.jaimejpalacio.com\/?page_id=552"},"modified":"2023-12-10T16:38:33","modified_gmt":"2023-12-10T16:38:33","slug":"blog-ficticio-antecedentes-guardianes-de-la-fe-verdadera","status":"publish","type":"page","link":"https:\/\/www.jaimejpalacio.com\/index.php\/blog-ficticio-antecedentes-guardianes-de-la-fe-verdadera\/","title":{"rendered":"BLOG FICTICIO SOBRE LOS ANTECEDENTES DE GUARDIANES DE LA FE VERDADERA"},"content":{"rendered":"\n<p class=\"has-black-color has-text-color\" style=\"font-size:25px\"><strong>\u00a1AVISO!<\/strong><\/p>\n\n\n\n<p class=\"has-text-align-justify has-black-color has-text-color\" style=\"font-size:22px\">Los art\u00edculos de esta secci\u00f3n, escritos por una persona an\u00f3nima del universo de la novela <em><strong>Guardianes de la Fe Verdadera<\/strong><\/em>, son completamente ficticios, por lo que rogamos que no se alteren demasiado, ya que corresponden a una realidad dist\u00f3pica que nunca va a ocurrir\u2026 \u00bfO tal vez s\u00ed?<\/p>\n\n\n\n<div style=\"height:30px\" aria-hidden=\"true\" class=\"wp-block-spacer\"><\/div>\n\n\n\n<p class=\"has-black-color has-text-color\" style=\"font-size:25px\"><strong>Jueves 31 de diciembre de 2026<\/strong><\/p>\n\n\n\n<p class=\"has-text-align-justify has-black-color has-text-color has-medium-font-size\">Este ha sido un a\u00f1o horrible que s\u00f3lo ha tenido una cosa buena: el fin de la guerra.<\/p>\n\n\n\n<p class=\"has-text-align-justify has-black-color has-text-color has-medium-font-size\">Despu\u00e9s de dos a\u00f1os peleando por ver qui\u00e9n ten\u00eda m\u00e1s raz\u00f3n, al final se han destruido tanto entre ellos que dudo mucho que queden muchas m\u00e1s armas y munici\u00f3n para seguir peleando. Y s\u00ed, s\u00e9 que esta guerra no ha sido como las otras que ha habido a lo largo de la historia, pero aun as\u00ed ha sido devastadora.<\/p>\n\n\n\n<p class=\"has-text-align-justify has-black-color has-text-color has-medium-font-size\">Este conflicto ha sido m\u00e1s cibern\u00e9tico que f\u00edsico, por lo que apenas ha habido bajas militares, aunque las civiles de los pa\u00edses en v\u00edas de desarrollo se cuentan por millones. Pero al menos no ha afectado a Occidente en exceso, que s\u00f3lo nos hubiera faltado eso, ya que despu\u00e9s de la tremenda inflaci\u00f3n sufrida, el desabastecimiento y de los extremistas abogando por la disoluci\u00f3n de la Uni\u00f3n Europea, diciendo que la culpa es las \u00e9lites sionistas y no s\u00e9 cu\u00e1ntos m\u00e1s, creo que ya hemos sufrido bastante.<\/p>\n\n\n\n<p class=\"has-text-align-justify has-black-color has-text-color has-medium-font-size\">Adem\u00e1s, llevamos casi veinte a\u00f1os que parece que el mundo no termina de ponerse bien del todo, pero esta vez todo indica que no puede ir a peor. Esperemos que as\u00ed sea.<\/p>\n\n\n\n<p class=\"has-text-align-justify has-black-color has-text-color has-medium-font-size\">Se han cometido atrocidades nunca antes vistas en este siglo, cosas que horroriza s\u00f3lo de pensar en ellas, por lo que no las escribir\u00e9 aqu\u00ed. Pero se abre una nueva era de esperanza, la en\u00e9sima esta vez, y esperemos que esta vez todo vaya mejor.<\/p>\n\n\n\n<div style=\"height:30px\" aria-hidden=\"true\" class=\"wp-block-spacer\"><\/div>\n\n\n\n<p class=\"has-black-color has-text-color\" style=\"font-size:25px\"><strong>Domingo 31 de diciembre de 2028<\/strong><\/p>\n\n\n\n<p class=\"has-text-align-justify has-black-color has-text-color has-medium-font-size\">Llevamos dos a\u00f1os escuchando que la crisis financiera es la mayor en siglos, y parece que por fin se cumplir\u00e1n todos los presagios que se estuvieron escuchando: a las doce de esta noche, hora de Bruselas, la Uni\u00f3n Europea estar\u00e1 oficialmente disuelta.<\/p>\n\n\n\n<p class=\"has-text-align-justify has-black-color has-text-color has-medium-font-size\">S\u00e9 que es verdad que desde hace varios meses se han estado introduciendo de nuevo las antiguas divisas y aprobando leyes urgentes para que no haya caos cuando seamos \u00abindependientes\u00bb, pero todos los indicadores y predicciones dan a entender que la crisis que ya arrastramos desde la guerra va a ir a peor.<\/p>\n\n\n\n<p class=\"has-text-align-justify has-black-color has-text-color has-medium-font-size\">Pero lo malo de esto es que hay gente sin moral que no deja de echarle la culpa a los refugiados, esos mismos que huyeron de las zonas destruidas por una guerra provocada por los intereses de unos pocos en este continente.<\/p>\n\n\n\n<p class=\"has-text-align-justify has-black-color has-text-color has-medium-font-size\">No dejan de asustar a la poblaci\u00f3n con los robos, violaciones, asesinatos y dem\u00e1s cr\u00edmenes que perpetran supuestos extranjeros. No s\u00f3lo en Espa\u00f1a se da esto, sino en el extranjero, haciendo que el rechazo de las iniciativas populares sobre el control y la expulsi\u00f3n de los refugiados, que se han presentado con un gran apoyo popular, no hayan hecho m\u00e1s que enfurecer a los extremistas.<\/p>\n\n\n\n<p class=\"has-text-align-justify has-black-color has-text-color has-medium-font-size\">Pero lo peor de todo no es que esta gente exista, sino que cada vez hay m\u00e1s y m\u00e1s personas que piensan como ellos. \u00a1Incluso piden prohibir el islam en toda Europa! Como si eso arreglara algo\u2026<\/p>\n\n\n\n<p class=\"has-text-align-justify has-black-color has-text-color has-medium-font-size\">En fin, seguro que durante los pr\u00f3ximos meses el Viejo Continente se relajar\u00e1 un poco y todo volver\u00e1 a la normalidad, al igual que hace\u2026 Vaya, ya no recuerdo cu\u00e1ndo.<\/p>\n\n\n\n<div style=\"height:30px\" aria-hidden=\"true\" class=\"wp-block-spacer\"><\/div>\n\n\n\n<p class=\"has-black-color has-text-color\" style=\"font-size:25px\"><strong>Mi\u00e9rcoles 12 de septiembre de 2029<\/strong><\/p>\n\n\n\n<p class=\"has-text-align-justify has-black-color has-text-color has-medium-font-size\">\u00bf\u00a1Que vuelva la inquisici\u00f3n!? \u00bf\u00a1\u00a1Es que estamos locos!!? Un grupo de extremistas acaba de presentar una plataforma pol\u00edtica para que se haga un refer\u00e9ndum que pregunte a los espa\u00f1oles si quieren que vuelva a haber esa aberraci\u00f3n en este pa\u00eds.<\/p>\n\n\n\n<p class=\"has-text-align-justify has-black-color has-text-color has-medium-font-size\">Creo que nos estamos volviendo locos perdidos. Menos mal que unos \u00abradicales\u00bb, as\u00ed es como los han llamado los organizadores, han reventado el primer acto. Pero mucho me temo que esos a los que la prensa ha bautizado como \u00abinquisicionistas\u00bb est\u00e9n justificando lo necesaria que es una instituci\u00f3n de odio y muerte debido al rechazo de esos supuestos radicales.<\/p>\n\n\n\n<p class=\"has-text-align-justify has-black-color has-text-color has-medium-font-size\">Y me gustar\u00eda decir eso de que \u00abEspa\u00f1a es diferente\u00bb, pero no puedo. Ya hay varios pa\u00edses de Europa, de esos que siempre tom\u00e1bamos como modelo por lo progresistas y tolerantes que eran, que se est\u00e1n planteando aprobar leyes contra la libertad religiosa, esas mismas leyes que tumbaron meses atr\u00e1s alegando que eran totalitarias y fascistas. En fin, vaya hip\u00f3critas.<\/p>\n\n\n\n<p class=\"has-text-align-justify has-vivid-cyan-blue-color has-text-color has-medium-font-size\">#europalibredefascismo<\/p>\n\n\n\n<div style=\"height:30px\" aria-hidden=\"true\" class=\"wp-block-spacer\"><\/div>\n\n\n\n<p class=\"has-black-color has-text-color\" style=\"font-size:25px\"><strong>Domingo 10 de febrero de 2030<\/strong><\/p>\n\n\n\n<p class=\"has-text-align-justify has-black-color has-text-color has-medium-font-size\">Hoy se ha celebrado el refer\u00e9ndum para preguntar si quer\u00edamos reinstaurar la inquisici\u00f3n. \u00bfC\u00f3mo hemos llegado a este punto? Puede que no sea tan extra\u00f1o, ya que varios pa\u00edses de Europa han empezado a aprobar leyes contra la libertad religiosa. Tengo miedo, pero al menos el refer\u00e9ndum ha salido bien, ya que Espa\u00f1a s\u00f3lo tiene un 10&nbsp;% de integristas, aunque son demasiados seg\u00fan mi humilde opini\u00f3n.<\/p>\n\n\n\n<p class=\"has-text-align-justify has-black-color has-text-color has-medium-font-size\">Pero todos sabemos qu\u00e9 ocurre en estos casos. Lo m\u00e1s seguro sea que en unos meses la gente estar\u00e1 pidiendo que se haga un nuevo refer\u00e9ndum porque el primero se hizo con una pregunta que no estaba del todo clara o vete t\u00fa a saber qu\u00e9. Y el miedo siempre vende, ya que en una sociedad donde la gente est\u00e1 constantemente buscando motivos para vivir asustada, es mucho m\u00e1s f\u00e1cil de manipular; no creo que todo esto suceda en un momento muy lejano en el tiempo. Al fin y al cabo, desde que termin\u00f3 la guerra hace cuatro a\u00f1os, el mundo dej\u00f3 de ser el que era antes para convertirse en una especie de cervatillo asustado: cuando oye una rama romperse a lo lejos, huye despavorido.<\/p>\n\n\n\n<p class=\"has-text-align-justify has-black-color has-text-color has-medium-font-size\">Veremos qu\u00e9 ocurre en los pr\u00f3ximos meses.<\/p>\n\n\n\n<p class=\"has-text-align-justify has-vivid-cyan-blue-color has-text-color has-medium-font-size\">#europalaica #europalibredefascismo<\/p>\n\n\n\n<div style=\"height:30px\" aria-hidden=\"true\" class=\"wp-block-spacer\"><\/div>\n\n\n\n<p class=\"has-black-color has-text-color\" style=\"font-size:25px\"><strong>S\u00e1bado 27 de abril de 2030<\/strong><\/p>\n\n\n\n<p class=\"has-text-align-justify has-black-color has-text-color has-medium-font-size\">Llevamos semanas escuchando lo malos que son los musulmanes, sobre todo despu\u00e9s de la gran matanza en el colegio de Madrid hace un mes, en la que un grupo de terroristas isl\u00e1micos asesinaron a cerca de tres cientos ni\u00f1os y ni\u00f1as inocentes en nombre de Dios. Eso fue horrible. \u00bfQu\u00e9 clase de desalmado har\u00eda semejante barbaridad? S\u00e9 que hay gente acusando a esos llamados inquisicionistas de ser los autores intelectuales detr\u00e1s del ataque, pero yo ya no s\u00e9 qu\u00e9 pensar.<\/p>\n\n\n\n<p class=\"has-text-align-justify has-black-color has-text-color has-medium-font-size\">Desde que termin\u00f3 la guerra que este pa\u00eds, y el continente entero, se han llenado de inmigrantes. Incluso en mi barrio, que era muy tranquilo y pac\u00edfico hasta hace unos meses, se ha llenado de chusma. Creo, y esto se deber\u00eda coger con pinzas, de que una ley que regule las religiones no ser\u00eda tan mala idea. Pero veamos qu\u00e9 ocurrir\u00e1 ma\u00f1ana, en el segundo refer\u00e9ndum.<\/p>\n\n\n\n<div style=\"height:30px\" aria-hidden=\"true\" class=\"wp-block-spacer\"><\/div>\n\n\n\n<p class=\"has-black-color has-text-color\" style=\"font-size:25px\"><strong>Domingo 28 de abril de 2030<\/strong><\/p>\n\n\n\n<p class=\"has-text-align-justify has-black-color has-text-color has-medium-font-size\">\u00ab\u00a1Victoria!\u00bb. \u00abSe ha ganado el refer\u00e9ndum\u00bb. \u00abLa inquisici\u00f3n va a volver\u00bb. Eso es lo que muchos han gritado, pero yo no lo comparto, aunque lo respeto. Ahora que veo lo que ha ocurrido, empiezo a temer la vuelta de los integristas a este pa\u00eds. Los libros de historia est\u00e1n llenos de las barbaridades que hizo la inquisici\u00f3n durante tres siglos, pero sus partidarios ya han repetido por activa y por pasiva que la nueva instituci\u00f3n ser\u00e1 acorde a nuestros tiempos.<\/p>\n\n\n\n<p class=\"has-text-align-justify has-black-color has-text-color has-medium-font-size\">\u00bfQu\u00e9 quieren decir con eso? \u00bfAcaso s\u00f3lo van a cobrarles mayores impuestos a todos los que no vayan a misa, adem\u00e1s de llamarlos \u00abirresponsables\u00bb? No lo creo\u2026, pero convendr\u00eda estar atentos a lo que hagan y adaptarnos todos a las nuevas medidas.<\/p>\n\n\n\n<p class=\"has-text-align-justify has-black-color has-text-color has-medium-font-size\">Pero lo que he visto en las calles no me ha gustado demasiado. \u00ab\u00a1Muerte a los moros!\u00bb, gritaba la gente. Espero que los ciudadanos de este pa\u00eds no empiecen a salir a la calle de noche armados con bates y barras de acero con la intenci\u00f3n de hacer una purga antes de que las autoridades tomen medidas.<\/p>\n\n\n\n<p class=\"has-text-align-justify has-black-color has-text-color has-medium-font-size\">En fin, esperemos que esta nueva inquisici\u00f3n no sea muy invasiva con nuestras vidas privadas o quede abolida en un par de a\u00f1os, cuando haya nuevas elecciones y los pol\u00edticos tengan que ara\u00f1ar unos cuantos votos m\u00e1s.<\/p>\n\n\n\n<p class=\"has-text-align-justify has-vivid-cyan-blue-color has-text-color has-medium-font-size\">#europalaica<\/p>\n\n\n\n<div style=\"height:30px\" aria-hidden=\"true\" class=\"wp-block-spacer\"><\/div>\n\n\n\n<p class=\"has-black-color has-text-color\" style=\"font-size:25px\"><strong>Mi\u00e9rcoles 1 de enero de 2031<\/strong><\/p>\n\n\n\n<p class=\"has-text-align-justify has-black-color has-text-color has-medium-font-size\">A\u00f1o nuevo e instituci\u00f3n nueva. Ya est\u00e1 en funcionamiento el llamado Ministerio de la Santa Inquisici\u00f3n. \u00bfUn ministerio? S\u00ed, no pens\u00e1bamos que ser\u00eda as\u00ed, pero ha sido as\u00ed. Y no ser\u00e1 nada tan guay como el Ministerio del Tiempo o el Ministerio de Magia, sino que este da un poquito de miedo. Aunque el ministro da m\u00e1s bien risa. Uno de esos cargos que han colocado al frente de la instituci\u00f3n porque tiene una incre\u00edble labia y un carisma \u00fanico, aunque todos sabemos sobre los esc\u00e1ndalos de corrupci\u00f3n y tr\u00e1fico de influencias que tuvo este se\u00f1or en sus anteriores cargos.<\/p>\n\n\n\n<p class=\"has-text-align-justify has-black-color has-text-color has-medium-font-size\">Vamos, que han puesto a un pol\u00edtico en un cargo que t\u00e9cnicamente tendr\u00eda que ocupar un obispo o un integrista; eso me tranquiliza un poco, aunque no mucho.<\/p>\n\n\n\n<div style=\"height:30px\" aria-hidden=\"true\" class=\"wp-block-spacer\"><\/div>\n\n\n\n<p class=\"has-black-color has-text-color\" style=\"font-size:25px\"><strong>Viernes 6 de agosto de 2032<\/strong><\/p>\n\n\n\n<p class=\"has-text-align-justify has-black-color has-text-color has-medium-font-size\">Hace varios meses que internet se ha llenado de mensajes de esa organizaci\u00f3n llamada \u00abRebeldes\u00bb. Un grupo de cat\u00f3licos que no dejan de decir que el Ministerio de la Santa Inquisici\u00f3n no son buenos cristianos. No s\u00e9 qu\u00e9 pensar. El cristianismo siempre se ha peleado entre s\u00ed. Primero los romanos y los ortodoxos, despu\u00e9s los cat\u00f3licos romanos con los protestantes, y luego estos \u00faltimos entre ellos.<\/p>\n\n\n\n<p class=\"has-text-align-justify has-black-color has-text-color has-medium-font-size\">En fin, a todos nos gusta un poco de debate, pero, algo bueno s\u00ed que hay, desde que funciona este ministerio que la delincuencia parece haberse reducido. Tanto la televisi\u00f3n como internet ya no hablan de cr\u00edmenes de musulmanes, y eso s\u00f3lo puede significar que no hay noticias de este tipo. \u00bfPor qu\u00e9 nos mentir\u00edan los grandes medios de comunicaci\u00f3n silenciando atrocidades como aseguran los Rebeldes? Y por cierto, ese nombre es rid\u00edculo.<\/p>\n\n\n\n<div style=\"height:30px\" aria-hidden=\"true\" class=\"wp-block-spacer\"><\/div>\n\n\n\n<p class=\"has-black-color has-text-color\" style=\"font-size:25px\"><strong>S\u00e1bado 1 de enero de 2033<\/strong><\/p>\n\n\n\n<p class=\"has-text-align-justify has-black-color has-text-color has-medium-font-size\">\u00a1Ya iba siendo hora! Por fin las sanciones por quebrantar las normas de la Santa Inquisici\u00f3n ya no ser\u00e1n s\u00f3lo informativas, sino que ahora te mutar\u00e1n de verdad. Menos mal que Dios nos protege.<\/p>\n\n\n\n<p class=\"has-text-align-justify has-black-color has-text-color has-medium-font-size\">Esperemos que a partir de ahora los que se atrev\u00edan a cuestionar a la Santa Inquisici\u00f3n y a sus organizaciones afines se pudran en la c\u00e1rcel, aunque parece que el Ministerio no tiene intenci\u00f3n de encarcelar a los malos, sino que los multar\u00e1 \u00fanicamente; esto me indigna. La Santa Inquisici\u00f3n est\u00e1 demostrando que es un \u00f3rgano pol\u00edtico y no una instituci\u00f3n que promueve el orden y la moral. Pero en fin, habr\u00e1 que darles tiempo, que por el momento parece que vamos por buen camino.<\/p>\n\n\n\n<div style=\"height:30px\" aria-hidden=\"true\" class=\"wp-block-spacer\"><\/div>\n\n\n\n<p class=\"has-black-color has-text-color\" style=\"font-size:25px\"><strong>Jueves 28 de junio de 2035<\/strong><\/p>\n\n\n\n<p class=\"has-text-align-justify has-black-color has-text-color has-medium-font-size\">Qu\u00e9 asco. Hay una pareja de maricones en mi bloque de apartamentos. He ido a la Polic\u00eda a denunciarlo y me han dicho que esa gente tambi\u00e9n son personas y merecen un m\u00ednimo de respeto. \u00bf\u00a1Est\u00e1n de broma!? Pero menos mal que la Santa Inquisici\u00f3n s\u00ed que me ha hecho caso. Eso es un delito religioso, por lo que los han multado.<\/p>\n\n\n\n<p class=\"has-text-align-justify has-black-color has-text-color has-medium-font-size\">Y me parece poco.<\/p>\n\n\n\n<p class=\"has-text-align-justify has-black-color has-text-color has-medium-font-size\">Creo que habr\u00eda que desarrollar ya la vacuna contra ese virus marica, que parece una epidemia. Aunque s\u00e9 que gastar dinero en estos enfermos ser\u00eda un derroche, pero temo que alg\u00fan d\u00eda me pueda salir un hijo maric\u00f3n, al fin y al cabo est\u00e1bamos todos contaminados por esa propaganda progresista hasta hace unos a\u00f1os. Incluso yo fui una vez a una de esas manifestaciones del Orgullo Gay para apoyarlos. \u00bfEn qu\u00e9 estaba pensando? \u00bfQui\u00e9n sabe? Menos mal que Dios me hizo ver la luz y ahora soy una persona normal.<\/p>\n\n\n\n<p class=\"has-text-align-justify has-vivid-cyan-blue-color has-text-color has-medium-font-size\"> #vivalasantainquisici\u00f3n<\/p>\n\n\n\n<div style=\"height:30px\" aria-hidden=\"true\" class=\"wp-block-spacer\"><\/div>\n\n\n\n<p class=\"has-black-color has-text-color\" style=\"font-size:25px\"><strong>Mi\u00e9rcoles 22 de octubre de 2042<\/strong><\/p>\n\n\n\n<p class=\"has-text-align-justify has-black-color has-text-color has-medium-font-size\">El proyecto de ley fue aprobado: la pena de muerte y la de tortura se han legalizado de nuevo.<\/p>\n\n\n\n<p class=\"has-text-align-justify has-black-color has-text-color has-medium-font-size\">Ya s\u00e9 que se har\u00e1 s\u00f3lo para casos extremos, pero creo que eso servir\u00e1 m\u00e1s bien para que muchos se lo piensen dos veces antes de cometer un crimen, y, sobre todo, de atacar las iglesias como est\u00e1n empezando a hacer esos malditos Rebeldes. Ya no son esos t\u00edos tan guais que iban rollo <em>hippie<\/em> abogando por la paz, sino que por fin muestran su verdadera cara. Demos gracias a Dios nuestro Se\u00f1or por permitirnos ver su aut\u00e9ntica faceta antes de que alguno de nosotros caiga en sus garras.<\/p>\n\n\n\n<p class=\"has-text-align-justify has-vivid-cyan-blue-color has-text-color has-medium-font-size\">#vivalasantainquisici\u00f3n<\/p>\n\n\n\n<div style=\"height:30px\" aria-hidden=\"true\" class=\"wp-block-spacer\"><\/div>\n\n\n\n<p class=\"has-black-color has-text-color\" style=\"font-size:25px\"><strong>Martes 15 de junio de 2049<\/strong><\/p>\n\n\n\n<p class=\"has-text-align-justify has-black-color has-text-color has-medium-font-size\">Fuera el vicio de este pa\u00eds. Menos mal que hoy, dos d\u00edas antes del Corpus Christi, se ha anunciado que se proh\u00edben esos juegos llenos de avaricia y desenfreno. Por fin prohibieron las loter\u00edas, las casas de apuestas y todas esas m\u00e1quinas de los bares que te incitaban a tirar el dinero a la basura.<\/p>\n\n\n\n<p class=\"has-text-align-justify has-black-color has-text-color has-medium-font-size\">El vicio de una gente que todo ese tiempo deseaba tener algo que no se merec\u00edan era un tiempo perdido que pod\u00edan haber estado rezando y pidi\u00e9ndole a Dios nuestro Se\u00f1or que nos bendiga con mayor felicidad.<\/p>\n\n\n\n<p class=\"has-text-align-justify has-black-color has-text-color has-medium-font-size\">Pero est\u00e1 claro que esos pecadores que se gastaban su sueldo en querer m\u00e1s dinero son los mismos que no dejan de hacer herej\u00edas.<\/p>\n\n\n\n<p class=\"has-text-align-justify has-black-color has-text-color has-medium-font-size\">Los maricones que hay desde hace varios a\u00f1os en mi bloque, que fueron multados en un principio, ahora ser\u00e1n llevados a un centro de reeducaci\u00f3n por reincidencia, ya que no quer\u00edan dejar de ser invertidos.<\/p>\n\n\n\n<p class=\"has-text-align-justify has-black-color has-text-color has-medium-font-size\">Me parece un castigo poco contundente.<\/p>\n\n\n\n<p class=\"has-text-align-justify has-black-color has-text-color has-medium-font-size\">Pero el Ministerio de la Santa Inquisici\u00f3n es m\u00e1s listo que nosotros y sabe que eso es lo mejor. Menos mal que nos protege.<\/p>\n\n\n\n<p class=\"has-text-align-justify has-vivid-cyan-blue-color has-text-color has-medium-font-size\">#vivalasantainquisici\u00f3n<\/p>\n\n\n\n<div style=\"height:30px\" aria-hidden=\"true\" class=\"wp-block-spacer\"><\/div>\n\n\n\n<p class=\"has-black-color has-text-color\" style=\"font-size:25px\"><strong>Lunes 7 de febrero de 2061<\/strong><\/p>\n\n\n\n<p class=\"has-text-align-justify has-black-color has-text-color has-medium-font-size\">Lleg\u00f3 el quinto ministro inquisidor y, aunque s\u00f3lo lleva unas semanas en el cargo, ya parece mejor que los \u00faltimos dos, aunque no era muy dif\u00edcil.<\/p>\n\n\n\n<p class=\"has-text-align-justify has-black-color has-text-color has-medium-font-size\">Despu\u00e9s de que el tercero fue descubierto que era un infiel y de que el cuarto fue encontrado muerto en su cama, que seg\u00fan los rumores dicen que estaba con una mujer que no era su esposa, veremos si este ser\u00e1 bueno o no. Aunque de momento ha creado un impuesto especial para los que tienen alguno de los pecados capitales.<\/p>\n\n\n\n<p class=\"has-text-align-justify has-black-color has-text-color has-medium-font-size\">M\u00e1s dinero. Est\u00e1 claro que la Santa Inquisici\u00f3n se est\u00e1 ablandando. Lo que la gente quiere es a un ministro que le eche un par de huevos. A este paso pondr\u00e1n a una mujer al frente, como las que hab\u00eda hace treinta a\u00f1os. Menos mal que ahora somos un pa\u00eds normal, con los hombres haciendo el trabajo de los hombres y las mujeres el de las mujeres.<\/p>\n\n\n\n<p class=\"has-text-align-justify has-black-color has-text-color has-medium-font-size\">Bien, espero que este ministro d\u00e9 mejor la talla que los otros dos, aunque todav\u00eda echo de menos al segundo, quien dirigi\u00f3 la instituci\u00f3n como todo un buen cristiano.<\/p>\n\n\n\n<p class=\"has-text-align-justify has-vivid-cyan-blue-color has-text-color has-medium-font-size\">#vivalasantainquisici\u00f3n<\/p>\n\n\n\n<div style=\"height:30px\" aria-hidden=\"true\" class=\"wp-block-spacer\"><\/div>\n\n\n\n<p class=\"has-black-color has-text-color\" style=\"font-size:25px\"><strong>Martes 1 de enero de 2075<\/strong><\/p>\n\n\n\n<p class=\"has-text-align-justify has-black-color has-text-color has-medium-font-size\">\u00a1Dos a\u00f1os de ministro y ya ha demostrado ser un completo in\u00fatil!<\/p>\n\n\n\n<p class=\"has-text-align-justify has-black-color has-text-color has-medium-font-size\">Llevamos dos a\u00f1os con este nuevo ministro y parece que lo \u00fanico que quiere es pedirle a los infieles que por favor dejen de ser infieles; as\u00ed, con una sonrisa. Este ministro es un mierdas, \u00a1un payaso!<\/p>\n\n\n\n<p class=\"has-text-align-justify has-black-color has-text-color has-medium-font-size\">Pero lo peor de todo es que a la mayor\u00eda de gente le gusta. \u00bfPor qu\u00e9? Muy simple: porque todos son unos pecadores y el ministro protege a los pecadores. Parece que los tiempos en los que tanto el segundo como el quinto ministro dirigieron la instituci\u00f3n como Dios manda termin\u00f3.<\/p>\n\n\n\n<p class=\"has-text-align-justify has-black-color has-text-color has-medium-font-size\">Pero en mi coraz\u00f3n a\u00fan albergo la esperanza de que el Ministerio vuelva a ser el de anta\u00f1o y de que se apruebe de una vez por todas la pena de muerte para los invertidos, que parece que cada vez hay m\u00e1s. Claro, con el ministro que tenemos, \u00bfc\u00f3mo no van a sentirse como en casa? A este paso regresaremos a los tiempos oscuros de principio de siglo, cuando los degenerados se paseaban por la calle contamin\u00e1ndonos con su virus y sal\u00edan por internet quej\u00e1ndose de que no les trataban igual que a los normales.<\/p>\n\n\n\n<p class=\"has-text-align-justify has-black-color has-text-color has-medium-font-size\">Qu\u00e9 asco.<\/p>\n\n\n\n<p class=\"has-text-align-justify has-vivid-cyan-blue-color has-text-color has-medium-font-size\">#ministrodimisi\u00f3n #vivalasantainquisici\u00f3n #invertidospenademuerteya<\/p>\n\n\n\n<div style=\"height:30px\" aria-hidden=\"true\" class=\"wp-block-spacer\"><\/div>\n\n\n\n<p class=\"has-black-color has-text-color\" style=\"font-size:25px\"><strong>Viernes 15 de marzo de 2080<\/strong><\/p>\n\n\n\n<p class=\"has-text-align-justify has-black-color has-text-color has-medium-font-size\">Antes que nada, quiero dar gracias a Nuestro Se\u00f1or por permitirnos vivir en paz y ponernos las pruebas que nos hacen ser mejores cristianos. Tambi\u00e9n quiero agradecer el trabajo que hacen nuestros valientes inquisidores por proteger la decencia y la moral. Pero est\u00e1 claro que muchas personas no ayudan en la labor, siendo estos unos herejes pecadores que merecen arder en el infierno.<\/p>\n\n\n\n<p class=\"has-text-align-justify has-black-color has-text-color has-medium-font-size\">Dicho esto, tengo que decir que necesitamos m\u00e1s medios y m\u00e1s inquisidores, y no s\u00f3lo por los ataques a varias iglesias que se est\u00e1n dando \u00faltimamente. Lo que ocurre es que Espa\u00f1a se est\u00e1 llenando de locales de vicio para pervertidos. La Polic\u00eda Federal no para de desmantelar prost\u00edbulos que ofrecen servicios con esos androides extranjeros. \u00a1Incluso se pueden modificar para que se parezcan a personas famosas! Est\u00e1 claro que hay gente que no quiere usar las m\u00e1quinas para las cosas normales, sino para su propia perversi\u00f3n. Aunque debo decir que al menos no son como los prost\u00edbulos de anta\u00f1o, donde hab\u00eda personas humanas, muchas de ellas obligadas a prostituirse para lucrar a unos seres sin alma.<\/p>\n\n\n\n<p class=\"has-text-align-justify has-black-color has-text-color has-medium-font-size\">\u00a1Y lo peor de todo lo que est\u00e1 pasando hoy en d\u00eda no son esos prost\u00edbulos de androides! Lo peor de todo es que est\u00e1n proliferando locales clandestinos donde los invertidos se conocen, lo m\u00e1s seguro para expandir su virus marica a m\u00e1s gente. Con lo que se tuvo que insistir para que el Gobierno federal y los gobiernos estatales prohibieran las aplicaciones de contactos, ahora parece que usan las formas propias del siglo pasado para encontrarse. Eso es una puerta al nivel m\u00e1s bajo del infierno.<\/p>\n\n\n\n<p class=\"has-text-align-justify has-black-color has-text-color has-medium-font-size\">Pero los locales clandestinos de invertidos se ocultan muy bien, por lo que hay que hacer redadas vecinales y avisar de inmediato a la Santa Inquisici\u00f3n. Sin ir m\u00e1s lejos, el otro d\u00eda, mi nieto me dijo que quer\u00eda formar una patrulla ciudadana que recorrer\u00eda las calles nocturnas de la ciudad para encontrar esos locales. Qu\u00e9 orgullo siento por \u00e9l.<\/p>\n\n\n\n<p class=\"has-text-align-justify has-black-color has-text-color has-medium-font-size\">En fin, que conste que este ministro carece de la valent\u00eda necesaria y de la bendici\u00f3n de Dios nuestro Se\u00f1or. Es por eso que acabo de firmar el manifiesto para pedir un nuevo ministro. Las elecciones federales ser\u00e1n en julio, por lo que el Gobierno puede cambiarlo si as\u00ed lo desea. Aunque todos sabemos que quienes realmente cambian a los ministros son la Conferencia Episcopal y el Consejo Ministerial. \u00a1Menos mal! Si fuera por el Gobierno federal, seguro que pondr\u00edan a una mujer, viendo c\u00f3mo el Ejecutivo est\u00e1 lleno de hembras alegando que \u00abda mejor publicidad ante la Comunidad Internacional\u00bb, no me extra\u00f1ar\u00eda que sucediera.<\/p>\n\n\n\n<p class=\"has-text-align-justify has-black-color has-text-color has-medium-font-size\">S\u00ed, ante esas organizaciones internacionales que dicen apoyar los Derechos Humanos, como ese nuevo organismo heredero del que hab\u00eda hace a\u00f1os en Estrasburgo, ese ente llamado Tribunal Mundial de los Derechos Humanos, quien no deja de molestar a la Santa Inquisici\u00f3n con sus informes sobre torturas injustificadas. \u00bf\u00a1Injustificadas!? Eso me indigna. Si el Ministerio considera que alguien se merece ser torturado por ser un mal cristiano, pues se le tortura y punto.<\/p>\n\n\n\n<p class=\"has-text-align-justify has-black-color has-text-color has-medium-font-size\">Resumiendo, parece que cada vez somos m\u00e1s y m\u00e1s los que pedimos un nuevo ministro al frente de la Santa Inquisici\u00f3n, por lo que es muy probable que en los pr\u00f3ximos meses ese holgaz\u00e1n de ministro sea despedido o, qui\u00e9n sabe, tal vez lo juzguen por incompetente; aunque eso ya ser\u00eda demasiado bueno.<\/p>\n\n\n\n<p class=\"has-text-align-justify has-vivid-cyan-blue-color has-text-color has-medium-font-size\">#ministrodimisi\u00f3n #vivalasantainquisici\u00f3n #invertidospenademuerteya<\/p>\n\n\n\n<div style=\"height:50px\" aria-hidden=\"true\" class=\"wp-block-spacer\"><\/div>\n\n\n\n<p class=\"has-black-color has-text-color\" style=\"font-size:30px\"><strong>NOTA FINAL<\/strong><\/p>\n\n\n\n<p class=\"has-text-align-justify has-black-color has-text-color\" style=\"font-size:25px\">Si quieren saber c\u00f3mo contin\u00faa la historia de esta Espa\u00f1a regida de nuevo por la Santa Inquisici\u00f3n, pueden leerse <em><strong>Guardianes de la Fe Verdadera<\/strong><\/em>, disponible en Amazon en formato <a href=\"http:\/\/mybook.to\/guardianestb\" target=\"_blank\" rel=\"noreferrer noopener\">f\u00edsico<\/a> y <a href=\"http:\/\/mybook.to\/guardianesebook\" target=\"_blank\" rel=\"noreferrer noopener\">digital<\/a>.<\/p>\n","protected":false},"excerpt":{"rendered":"<p>\u00a1AVISO! Los art\u00edculos de esta secci\u00f3n, escritos por una persona an\u00f3nima del universo de la novela Guardianes de la Fe Verdadera, son completamente ficticios, por lo que rogamos que no se alteren demasiado, ya que corresponden a una realidad dist\u00f3pica que nunca va a ocurrir\u2026 \u00bfO tal vez s\u00ed? Jueves 31 de diciembre de 2026 [&hellip;]<\/p>\n","protected":false},"author":1,"featured_media":0,"parent":0,"menu_order":0,"comment_status":"closed","ping_status":"closed","template":"page-templates\/full-width.php","meta":{"footnotes":""},"class_list":["post-552","page","type-page","status-publish","hentry"],"yoast_head":"<!-- This site is optimized with the Yoast SEO plugin v26.6 - https:\/\/yoast.com\/wordpress\/plugins\/seo\/ -->\n<title>BLOG ANTECEDENTES - GUARDIANES DE LA FE VERDADERA<\/title>\n<meta name=\"description\" content=\"Blog ficticio sobre los acontecimientos transcurridos antes de la novela Guardianes de la Fe Verdadera.\" \/>\n<meta name=\"robots\" content=\"index, follow, max-snippet:-1, max-image-preview:large, max-video-preview:-1\" \/>\n<link rel=\"canonical\" href=\"https:\/\/www.jaimejpalacio.com\/index.php\/blog-ficticio-antecedentes-guardianes-de-la-fe-verdadera\/\" \/>\n<meta property=\"og:locale\" content=\"es_ES\" \/>\n<meta property=\"og:type\" content=\"article\" \/>\n<meta property=\"og:title\" content=\"BLOG ANTECEDENTES - GUARDIANES DE LA FE VERDADERA\" \/>\n<meta property=\"og:description\" content=\"Blog ficticio sobre los acontecimientos transcurridos antes de la novela Guardianes de la Fe Verdadera.\" \/>\n<meta property=\"og:url\" content=\"https:\/\/www.jaimejpalacio.com\/index.php\/blog-ficticio-antecedentes-guardianes-de-la-fe-verdadera\/\" \/>\n<meta property=\"og:site_name\" content=\"Jaime J. Palacio\" \/>\n<meta property=\"article:modified_time\" content=\"2023-12-10T16:38:33+00:00\" \/>\n<meta name=\"twitter:card\" content=\"summary_large_image\" \/>\n<meta name=\"twitter:label1\" content=\"Tiempo de lectura\" \/>\n\t<meta name=\"twitter:data1\" content=\"15 minutos\" \/>\n<script type=\"application\/ld+json\" class=\"yoast-schema-graph\">{\"@context\":\"https:\/\/schema.org\",\"@graph\":[{\"@type\":\"WebPage\",\"@id\":\"https:\/\/www.jaimejpalacio.com\/index.php\/blog-ficticio-antecedentes-guardianes-de-la-fe-verdadera\/\",\"url\":\"https:\/\/www.jaimejpalacio.com\/index.php\/blog-ficticio-antecedentes-guardianes-de-la-fe-verdadera\/\",\"name\":\"BLOG ANTECEDENTES - GUARDIANES DE LA FE VERDADERA\",\"isPartOf\":{\"@id\":\"https:\/\/www.jaimejpalacio.com\/#website\"},\"datePublished\":\"2022-01-22T16:41:07+00:00\",\"dateModified\":\"2023-12-10T16:38:33+00:00\",\"description\":\"Blog ficticio sobre los acontecimientos transcurridos antes de la novela Guardianes de la Fe Verdadera.\",\"breadcrumb\":{\"@id\":\"https:\/\/www.jaimejpalacio.com\/index.php\/blog-ficticio-antecedentes-guardianes-de-la-fe-verdadera\/#breadcrumb\"},\"inLanguage\":\"es\",\"potentialAction\":[{\"@type\":\"ReadAction\",\"target\":[\"https:\/\/www.jaimejpalacio.com\/index.php\/blog-ficticio-antecedentes-guardianes-de-la-fe-verdadera\/\"]}]},{\"@type\":\"BreadcrumbList\",\"@id\":\"https:\/\/www.jaimejpalacio.com\/index.php\/blog-ficticio-antecedentes-guardianes-de-la-fe-verdadera\/#breadcrumb\",\"itemListElement\":[{\"@type\":\"ListItem\",\"position\":1,\"name\":\"Portada\",\"item\":\"https:\/\/www.jaimejpalacio.com\/\"},{\"@type\":\"ListItem\",\"position\":2,\"name\":\"BLOG FICTICIO SOBRE LOS ANTECEDENTES DE GUARDIANES DE LA FE VERDADERA\"}]},{\"@type\":\"WebSite\",\"@id\":\"https:\/\/www.jaimejpalacio.com\/#website\",\"url\":\"https:\/\/www.jaimejpalacio.com\/\",\"name\":\"Jaime J. Palacio\",\"description\":\"Escritor\",\"potentialAction\":[{\"@type\":\"SearchAction\",\"target\":{\"@type\":\"EntryPoint\",\"urlTemplate\":\"https:\/\/www.jaimejpalacio.com\/?s={search_term_string}\"},\"query-input\":{\"@type\":\"PropertyValueSpecification\",\"valueRequired\":true,\"valueName\":\"search_term_string\"}}],\"inLanguage\":\"es\"}]}<\/script>\n<!-- \/ Yoast SEO plugin. -->","yoast_head_json":{"title":"BLOG ANTECEDENTES - GUARDIANES DE LA FE VERDADERA","description":"Blog ficticio sobre los acontecimientos transcurridos antes de la novela Guardianes de la Fe Verdadera.","robots":{"index":"index","follow":"follow","max-snippet":"max-snippet:-1","max-image-preview":"max-image-preview:large","max-video-preview":"max-video-preview:-1"},"canonical":"https:\/\/www.jaimejpalacio.com\/index.php\/blog-ficticio-antecedentes-guardianes-de-la-fe-verdadera\/","og_locale":"es_ES","og_type":"article","og_title":"BLOG ANTECEDENTES - GUARDIANES DE LA FE VERDADERA","og_description":"Blog ficticio sobre los acontecimientos transcurridos antes de la novela Guardianes de la Fe Verdadera.","og_url":"https:\/\/www.jaimejpalacio.com\/index.php\/blog-ficticio-antecedentes-guardianes-de-la-fe-verdadera\/","og_site_name":"Jaime J. Palacio","article_modified_time":"2023-12-10T16:38:33+00:00","twitter_card":"summary_large_image","twitter_misc":{"Tiempo de lectura":"15 minutos"},"schema":{"@context":"https:\/\/schema.org","@graph":[{"@type":"WebPage","@id":"https:\/\/www.jaimejpalacio.com\/index.php\/blog-ficticio-antecedentes-guardianes-de-la-fe-verdadera\/","url":"https:\/\/www.jaimejpalacio.com\/index.php\/blog-ficticio-antecedentes-guardianes-de-la-fe-verdadera\/","name":"BLOG ANTECEDENTES - GUARDIANES DE LA FE VERDADERA","isPartOf":{"@id":"https:\/\/www.jaimejpalacio.com\/#website"},"datePublished":"2022-01-22T16:41:07+00:00","dateModified":"2023-12-10T16:38:33+00:00","description":"Blog ficticio sobre los acontecimientos transcurridos antes de la novela Guardianes de la Fe Verdadera.","breadcrumb":{"@id":"https:\/\/www.jaimejpalacio.com\/index.php\/blog-ficticio-antecedentes-guardianes-de-la-fe-verdadera\/#breadcrumb"},"inLanguage":"es","potentialAction":[{"@type":"ReadAction","target":["https:\/\/www.jaimejpalacio.com\/index.php\/blog-ficticio-antecedentes-guardianes-de-la-fe-verdadera\/"]}]},{"@type":"BreadcrumbList","@id":"https:\/\/www.jaimejpalacio.com\/index.php\/blog-ficticio-antecedentes-guardianes-de-la-fe-verdadera\/#breadcrumb","itemListElement":[{"@type":"ListItem","position":1,"name":"Portada","item":"https:\/\/www.jaimejpalacio.com\/"},{"@type":"ListItem","position":2,"name":"BLOG FICTICIO SOBRE LOS ANTECEDENTES DE GUARDIANES DE LA FE VERDADERA"}]},{"@type":"WebSite","@id":"https:\/\/www.jaimejpalacio.com\/#website","url":"https:\/\/www.jaimejpalacio.com\/","name":"Jaime J. Palacio","description":"Escritor","potentialAction":[{"@type":"SearchAction","target":{"@type":"EntryPoint","urlTemplate":"https:\/\/www.jaimejpalacio.com\/?s={search_term_string}"},"query-input":{"@type":"PropertyValueSpecification","valueRequired":true,"valueName":"search_term_string"}}],"inLanguage":"es"}]}},"_links":{"self":[{"href":"https:\/\/www.jaimejpalacio.com\/index.php\/wp-json\/wp\/v2\/pages\/552","targetHints":{"allow":["GET"]}}],"collection":[{"href":"https:\/\/www.jaimejpalacio.com\/index.php\/wp-json\/wp\/v2\/pages"}],"about":[{"href":"https:\/\/www.jaimejpalacio.com\/index.php\/wp-json\/wp\/v2\/types\/page"}],"author":[{"embeddable":true,"href":"https:\/\/www.jaimejpalacio.com\/index.php\/wp-json\/wp\/v2\/users\/1"}],"replies":[{"embeddable":true,"href":"https:\/\/www.jaimejpalacio.com\/index.php\/wp-json\/wp\/v2\/comments?post=552"}],"version-history":[{"count":16,"href":"https:\/\/www.jaimejpalacio.com\/index.php\/wp-json\/wp\/v2\/pages\/552\/revisions"}],"predecessor-version":[{"id":610,"href":"https:\/\/www.jaimejpalacio.com\/index.php\/wp-json\/wp\/v2\/pages\/552\/revisions\/610"}],"wp:attachment":[{"href":"https:\/\/www.jaimejpalacio.com\/index.php\/wp-json\/wp\/v2\/media?parent=552"}],"curies":[{"name":"wp","href":"https:\/\/api.w.org\/{rel}","templated":true}]}}